{"id":137,"date":"2013-02-25T20:55:20","date_gmt":"2013-02-25T20:55:20","guid":{"rendered":"http:\/\/www.elpuco.com.ar\/web\/?page_id=137"},"modified":"2013-02-25T20:55:20","modified_gmt":"2013-02-25T20:55:20","slug":"taller-de-reactivacion-de-la-memoria-alfarera-chorote","status":"publish","type":"page","link":"https:\/\/www.elpuco.com.ar\/web\/taller-de-reactivacion-de-la-memoria-alfarera-chorote\/","title":{"rendered":"Taller de Reactivaci\u00f3n de la Memoria Alfarera Chorote"},"content":{"rendered":"<p>Experiencias \u00c9tnicas<\/p>\n<p>Viaje de convivencia a una comunidad ind\u00edgena Chorote<br \/>\nSalta, Argentina a\u00f1o 1998<\/p>\n<p>Las siguientes im\u00e1genes corresponden al taller de modelado de alfarer\u00eda. Todas estas personas estaban vivenciando su primer contacto con la cer\u00e1mica.<\/p>\n<p><a href=\"http:\/\/www.elpuco.com.ar\/web\/wp-content\/uploads\/2013\/02\/172.jpg\"><img loading=\"lazy\" decoding=\"async\" class=\"alignnone size-full wp-image-158\" alt=\"17\" src=\"http:\/\/www.elpuco.com.ar\/web\/wp-content\/uploads\/2013\/02\/172.jpg\" width=\"230\" height=\"340\" srcset=\"https:\/\/www.elpuco.com.ar\/web\/wp-content\/uploads\/2013\/02\/172.jpg 230w, https:\/\/www.elpuco.com.ar\/web\/wp-content\/uploads\/2013\/02\/172-202x300.jpg 202w\" sizes=\"auto, (max-width: 230px) 100vw, 230px\" \/><\/a> <a href=\"http:\/\/www.elpuco.com.ar\/web\/wp-content\/uploads\/2013\/02\/18.jpg\"><img loading=\"lazy\" decoding=\"async\" class=\"alignnone size-full wp-image-159\" alt=\"18\" src=\"http:\/\/www.elpuco.com.ar\/web\/wp-content\/uploads\/2013\/02\/18.jpg\" width=\"340\" height=\"231\" srcset=\"https:\/\/www.elpuco.com.ar\/web\/wp-content\/uploads\/2013\/02\/18.jpg 340w, https:\/\/www.elpuco.com.ar\/web\/wp-content\/uploads\/2013\/02\/18-300x203.jpg 300w\" sizes=\"auto, (max-width: 340px) 100vw, 340px\" \/><\/a><\/p>\n<p><a href=\"http:\/\/www.elpuco.com.ar\/web\/wp-content\/uploads\/2013\/02\/19.jpg\"><img loading=\"lazy\" decoding=\"async\" class=\"alignnone size-full wp-image-160\" alt=\"19\" src=\"http:\/\/www.elpuco.com.ar\/web\/wp-content\/uploads\/2013\/02\/19.jpg\" width=\"215\" height=\"340\" srcset=\"https:\/\/www.elpuco.com.ar\/web\/wp-content\/uploads\/2013\/02\/19.jpg 215w, https:\/\/www.elpuco.com.ar\/web\/wp-content\/uploads\/2013\/02\/19-189x300.jpg 189w\" sizes=\"auto, (max-width: 215px) 100vw, 215px\" \/><\/a> <a href=\"http:\/\/www.elpuco.com.ar\/web\/wp-content\/uploads\/2013\/02\/20.jpg\"><img loading=\"lazy\" decoding=\"async\" class=\"alignnone size-full wp-image-161\" alt=\"20\" src=\"http:\/\/www.elpuco.com.ar\/web\/wp-content\/uploads\/2013\/02\/20.jpg\" width=\"340\" height=\"222\" srcset=\"https:\/\/www.elpuco.com.ar\/web\/wp-content\/uploads\/2013\/02\/20.jpg 340w, https:\/\/www.elpuco.com.ar\/web\/wp-content\/uploads\/2013\/02\/20-300x195.jpg 300w\" sizes=\"auto, (max-width: 340px) 100vw, 340px\" \/><\/a><\/p>\n<p><a href=\"http:\/\/www.elpuco.com.ar\/web\/wp-content\/uploads\/2013\/02\/21.jpg\"><img loading=\"lazy\" decoding=\"async\" class=\"alignnone size-full wp-image-162\" alt=\"21\" src=\"http:\/\/www.elpuco.com.ar\/web\/wp-content\/uploads\/2013\/02\/21.jpg\" width=\"340\" height=\"221\" srcset=\"https:\/\/www.elpuco.com.ar\/web\/wp-content\/uploads\/2013\/02\/21.jpg 340w, https:\/\/www.elpuco.com.ar\/web\/wp-content\/uploads\/2013\/02\/21-300x195.jpg 300w\" sizes=\"auto, (max-width: 340px) 100vw, 340px\" \/><\/a> <a href=\"http:\/\/www.elpuco.com.ar\/web\/wp-content\/uploads\/2013\/02\/22.jpg\"><img loading=\"lazy\" decoding=\"async\" class=\"alignnone size-full wp-image-163\" alt=\"22\" src=\"http:\/\/www.elpuco.com.ar\/web\/wp-content\/uploads\/2013\/02\/22.jpg\" width=\"340\" height=\"241\" srcset=\"https:\/\/www.elpuco.com.ar\/web\/wp-content\/uploads\/2013\/02\/22.jpg 340w, https:\/\/www.elpuco.com.ar\/web\/wp-content\/uploads\/2013\/02\/22-300x212.jpg 300w\" sizes=\"auto, (max-width: 340px) 100vw, 340px\" \/><\/a> <a href=\"http:\/\/www.elpuco.com.ar\/web\/wp-content\/uploads\/2013\/02\/23.jpg\"><img loading=\"lazy\" decoding=\"async\" class=\"alignnone size-full wp-image-164\" alt=\"23\" src=\"http:\/\/www.elpuco.com.ar\/web\/wp-content\/uploads\/2013\/02\/23.jpg\" width=\"340\" height=\"220\" srcset=\"https:\/\/www.elpuco.com.ar\/web\/wp-content\/uploads\/2013\/02\/23.jpg 340w, https:\/\/www.elpuco.com.ar\/web\/wp-content\/uploads\/2013\/02\/23-300x194.jpg 300w\" sizes=\"auto, (max-width: 340px) 100vw, 340px\" \/><\/a> <a href=\"http:\/\/www.elpuco.com.ar\/web\/wp-content\/uploads\/2013\/02\/24.jpg\"><img loading=\"lazy\" decoding=\"async\" class=\"alignnone size-full wp-image-165\" alt=\"24\" src=\"http:\/\/www.elpuco.com.ar\/web\/wp-content\/uploads\/2013\/02\/24.jpg\" width=\"340\" height=\"227\" srcset=\"https:\/\/www.elpuco.com.ar\/web\/wp-content\/uploads\/2013\/02\/24.jpg 340w, https:\/\/www.elpuco.com.ar\/web\/wp-content\/uploads\/2013\/02\/24-300x200.jpg 300w\" sizes=\"auto, (max-width: 340px) 100vw, 340px\" \/><\/a><\/p>\n","protected":false},"excerpt":{"rendered":"<p>Experiencias \u00c9tnicas Viaje de convivencia a una comunidad ind\u00edgena Chorote Salta, Argentina a\u00f1o 1998 Las siguientes im\u00e1genes corresponden al taller de modelado de alfarer\u00eda. Todas estas personas estaban vivenciando su primer contacto con la cer\u00e1mica.<\/p>\n","protected":false},"author":1,"featured_media":0,"parent":0,"menu_order":0,"comment_status":"open","ping_status":"open","template":"","meta":{"ngg_post_thumbnail":0,"footnotes":""},"class_list":{"0":"post-137","1":"page","2":"type-page","3":"status-publish","5":"no-featured-image-padding"},"yoast_head":"<!-- This site is optimized with the Yoast SEO plugin v25.5 - https:\/\/yoast.com\/wordpress\/plugins\/seo\/ -->\n<title>Taller de Reactivaci\u00f3n de la Memoria Alfarera Chorote - El Puco. Taller de ense\u00f1anza de alfareria y cer\u00e1mica art\u00edstica<\/title>\n<meta name=\"robots\" content=\"index, follow, max-snippet:-1, max-image-preview:large, max-video-preview:-1\" \/>\n<link rel=\"canonical\" href=\"https:\/\/www.elpuco.com.ar\/web\/taller-de-reactivacion-de-la-memoria-alfarera-chorote\/\" \/>\n<meta property=\"og:locale\" content=\"es_ES\" \/>\n<meta property=\"og:type\" content=\"article\" \/>\n<meta property=\"og:title\" content=\"Taller de Reactivaci\u00f3n de la Memoria Alfarera Chorote - El Puco. Taller de ense\u00f1anza de alfareria y cer\u00e1mica art\u00edstica\" \/>\n<meta property=\"og:description\" content=\"Experiencias \u00c9tnicas Viaje de convivencia a una comunidad ind\u00edgena Chorote Salta, Argentina a\u00f1o 1998 Las siguientes im\u00e1genes corresponden al taller de modelado de alfarer\u00eda. Todas estas personas estaban vivenciando su primer contacto con la cer\u00e1mica.\" \/>\n<meta property=\"og:url\" content=\"https:\/\/www.elpuco.com.ar\/web\/taller-de-reactivacion-de-la-memoria-alfarera-chorote\/\" \/>\n<meta property=\"og:site_name\" content=\"El Puco. Taller de ense\u00f1anza de alfareria y cer\u00e1mica art\u00edstica\" \/>\n<meta property=\"og:image\" content=\"http:\/\/www.elpuco.com.ar\/web\/wp-content\/uploads\/2013\/02\/172.jpg\" \/>\n<meta name=\"twitter:card\" content=\"summary_large_image\" \/>\n<script type=\"application\/ld+json\" class=\"yoast-schema-graph\">{\"@context\":\"https:\/\/schema.org\",\"@graph\":[{\"@type\":\"WebPage\",\"@id\":\"https:\/\/www.elpuco.com.ar\/web\/taller-de-reactivacion-de-la-memoria-alfarera-chorote\/\",\"url\":\"https:\/\/www.elpuco.com.ar\/web\/taller-de-reactivacion-de-la-memoria-alfarera-chorote\/\",\"name\":\"Taller de Reactivaci\u00f3n de la Memoria Alfarera Chorote - El Puco. Taller de ense\u00f1anza de alfareria y cer\u00e1mica art\u00edstica\",\"isPartOf\":{\"@id\":\"https:\/\/www.elpuco.com.ar\/web\/#website\"},\"primaryImageOfPage\":{\"@id\":\"https:\/\/www.elpuco.com.ar\/web\/taller-de-reactivacion-de-la-memoria-alfarera-chorote\/#primaryimage\"},\"image\":{\"@id\":\"https:\/\/www.elpuco.com.ar\/web\/taller-de-reactivacion-de-la-memoria-alfarera-chorote\/#primaryimage\"},\"thumbnailUrl\":\"http:\/\/www.elpuco.com.ar\/web\/wp-content\/uploads\/2013\/02\/172.jpg\",\"datePublished\":\"2013-02-25T20:55:20+00:00\",\"breadcrumb\":{\"@id\":\"https:\/\/www.elpuco.com.ar\/web\/taller-de-reactivacion-de-la-memoria-alfarera-chorote\/#breadcrumb\"},\"inLanguage\":\"es\",\"potentialAction\":[{\"@type\":\"ReadAction\",\"target\":[\"https:\/\/www.elpuco.com.ar\/web\/taller-de-reactivacion-de-la-memoria-alfarera-chorote\/\"]}]},{\"@type\":\"ImageObject\",\"inLanguage\":\"es\",\"@id\":\"https:\/\/www.elpuco.com.ar\/web\/taller-de-reactivacion-de-la-memoria-alfarera-chorote\/#primaryimage\",\"url\":\"http:\/\/www.elpuco.com.ar\/web\/wp-content\/uploads\/2013\/02\/172.jpg\",\"contentUrl\":\"http:\/\/www.elpuco.com.ar\/web\/wp-content\/uploads\/2013\/02\/172.jpg\"},{\"@type\":\"BreadcrumbList\",\"@id\":\"https:\/\/www.elpuco.com.ar\/web\/taller-de-reactivacion-de-la-memoria-alfarera-chorote\/#breadcrumb\",\"itemListElement\":[{\"@type\":\"ListItem\",\"position\":1,\"name\":\"Portada\",\"item\":\"https:\/\/www.elpuco.com.ar\/web\/\"},{\"@type\":\"ListItem\",\"position\":2,\"name\":\"Taller de Reactivaci\u00f3n de la Memoria Alfarera Chorote\"}]},{\"@type\":\"WebSite\",\"@id\":\"https:\/\/www.elpuco.com.ar\/web\/#website\",\"url\":\"https:\/\/www.elpuco.com.ar\/web\/\",\"name\":\"El Puco. Taller de ense\u00f1anza de alfareria y cer\u00e1mica art\u00edstica\",\"description\":\"\",\"potentialAction\":[{\"@type\":\"SearchAction\",\"target\":{\"@type\":\"EntryPoint\",\"urlTemplate\":\"https:\/\/www.elpuco.com.ar\/web\/?s={search_term_string}\"},\"query-input\":{\"@type\":\"PropertyValueSpecification\",\"valueRequired\":true,\"valueName\":\"search_term_string\"}}],\"inLanguage\":\"es\"}]}<\/script>\n<!-- \/ Yoast SEO plugin. -->","yoast_head_json":{"title":"Taller de Reactivaci\u00f3n de la Memoria Alfarera Chorote - El Puco. Taller de ense\u00f1anza de alfareria y cer\u00e1mica art\u00edstica","robots":{"index":"index","follow":"follow","max-snippet":"max-snippet:-1","max-image-preview":"max-image-preview:large","max-video-preview":"max-video-preview:-1"},"canonical":"https:\/\/www.elpuco.com.ar\/web\/taller-de-reactivacion-de-la-memoria-alfarera-chorote\/","og_locale":"es_ES","og_type":"article","og_title":"Taller de Reactivaci\u00f3n de la Memoria Alfarera Chorote - El Puco. Taller de ense\u00f1anza de alfareria y cer\u00e1mica art\u00edstica","og_description":"Experiencias \u00c9tnicas Viaje de convivencia a una comunidad ind\u00edgena Chorote Salta, Argentina a\u00f1o 1998 Las siguientes im\u00e1genes corresponden al taller de modelado de alfarer\u00eda. Todas estas personas estaban vivenciando su primer contacto con la cer\u00e1mica.","og_url":"https:\/\/www.elpuco.com.ar\/web\/taller-de-reactivacion-de-la-memoria-alfarera-chorote\/","og_site_name":"El Puco. Taller de ense\u00f1anza de alfareria y cer\u00e1mica art\u00edstica","og_image":[{"url":"http:\/\/www.elpuco.com.ar\/web\/wp-content\/uploads\/2013\/02\/172.jpg","type":"","width":"","height":""}],"twitter_card":"summary_large_image","schema":{"@context":"https:\/\/schema.org","@graph":[{"@type":"WebPage","@id":"https:\/\/www.elpuco.com.ar\/web\/taller-de-reactivacion-de-la-memoria-alfarera-chorote\/","url":"https:\/\/www.elpuco.com.ar\/web\/taller-de-reactivacion-de-la-memoria-alfarera-chorote\/","name":"Taller de Reactivaci\u00f3n de la Memoria Alfarera Chorote - El Puco. Taller de ense\u00f1anza de alfareria y cer\u00e1mica art\u00edstica","isPartOf":{"@id":"https:\/\/www.elpuco.com.ar\/web\/#website"},"primaryImageOfPage":{"@id":"https:\/\/www.elpuco.com.ar\/web\/taller-de-reactivacion-de-la-memoria-alfarera-chorote\/#primaryimage"},"image":{"@id":"https:\/\/www.elpuco.com.ar\/web\/taller-de-reactivacion-de-la-memoria-alfarera-chorote\/#primaryimage"},"thumbnailUrl":"http:\/\/www.elpuco.com.ar\/web\/wp-content\/uploads\/2013\/02\/172.jpg","datePublished":"2013-02-25T20:55:20+00:00","breadcrumb":{"@id":"https:\/\/www.elpuco.com.ar\/web\/taller-de-reactivacion-de-la-memoria-alfarera-chorote\/#breadcrumb"},"inLanguage":"es","potentialAction":[{"@type":"ReadAction","target":["https:\/\/www.elpuco.com.ar\/web\/taller-de-reactivacion-de-la-memoria-alfarera-chorote\/"]}]},{"@type":"ImageObject","inLanguage":"es","@id":"https:\/\/www.elpuco.com.ar\/web\/taller-de-reactivacion-de-la-memoria-alfarera-chorote\/#primaryimage","url":"http:\/\/www.elpuco.com.ar\/web\/wp-content\/uploads\/2013\/02\/172.jpg","contentUrl":"http:\/\/www.elpuco.com.ar\/web\/wp-content\/uploads\/2013\/02\/172.jpg"},{"@type":"BreadcrumbList","@id":"https:\/\/www.elpuco.com.ar\/web\/taller-de-reactivacion-de-la-memoria-alfarera-chorote\/#breadcrumb","itemListElement":[{"@type":"ListItem","position":1,"name":"Portada","item":"https:\/\/www.elpuco.com.ar\/web\/"},{"@type":"ListItem","position":2,"name":"Taller de Reactivaci\u00f3n de la Memoria Alfarera Chorote"}]},{"@type":"WebSite","@id":"https:\/\/www.elpuco.com.ar\/web\/#website","url":"https:\/\/www.elpuco.com.ar\/web\/","name":"El Puco. Taller de ense\u00f1anza de alfareria y cer\u00e1mica art\u00edstica","description":"","potentialAction":[{"@type":"SearchAction","target":{"@type":"EntryPoint","urlTemplate":"https:\/\/www.elpuco.com.ar\/web\/?s={search_term_string}"},"query-input":{"@type":"PropertyValueSpecification","valueRequired":true,"valueName":"search_term_string"}}],"inLanguage":"es"}]}},"_links":{"self":[{"href":"https:\/\/www.elpuco.com.ar\/web\/wp-json\/wp\/v2\/pages\/137","targetHints":{"allow":["GET"]}}],"collection":[{"href":"https:\/\/www.elpuco.com.ar\/web\/wp-json\/wp\/v2\/pages"}],"about":[{"href":"https:\/\/www.elpuco.com.ar\/web\/wp-json\/wp\/v2\/types\/page"}],"author":[{"embeddable":true,"href":"https:\/\/www.elpuco.com.ar\/web\/wp-json\/wp\/v2\/users\/1"}],"replies":[{"embeddable":true,"href":"https:\/\/www.elpuco.com.ar\/web\/wp-json\/wp\/v2\/comments?post=137"}],"version-history":[{"count":1,"href":"https:\/\/www.elpuco.com.ar\/web\/wp-json\/wp\/v2\/pages\/137\/revisions"}],"predecessor-version":[{"id":166,"href":"https:\/\/www.elpuco.com.ar\/web\/wp-json\/wp\/v2\/pages\/137\/revisions\/166"}],"wp:attachment":[{"href":"https:\/\/www.elpuco.com.ar\/web\/wp-json\/wp\/v2\/media?parent=137"}],"curies":[{"name":"wp","href":"https:\/\/api.w.org\/{rel}","templated":true}]}}